{"id":306,"date":"2022-04-24T16:03:47","date_gmt":"2022-04-24T16:03:47","guid":{"rendered":"http:\/\/itchapters.com\/fr\/blogue\/"},"modified":"2022-04-24T21:19:55","modified_gmt":"2022-04-24T21:19:55","slug":"blogue","status":"publish","type":"page","link":"http:\/\/itchapters.com\/france\/blogue\/","title":{"rendered":"BLOGUE"},"content":{"rendered":"\t\t<div data-elementor-type=\"wp-page\" data-elementor-id=\"306\" class=\"elementor elementor-306\">\n\t\t\t\t\t\t\t\t\t<section class=\"elementor-section elementor-top-section elementor-element elementor-element-7f8a9780 elementor-section-boxed elementor-section-height-default elementor-section-height-default\" data-id=\"7f8a9780\" data-element_type=\"section\" data-settings=\"{&quot;background_background&quot;:&quot;classic&quot;}\">\n\t\t\t\t\t\t<div class=\"elementor-container elementor-column-gap-default\">\n\t\t\t\t\t<div class=\"elementor-column elementor-col-100 elementor-top-column elementor-element elementor-element-1927a984\" data-id=\"1927a984\" data-element_type=\"column\">\n\t\t\t<div class=\"elementor-widget-wrap elementor-element-populated\">\n\t\t\t\t\t\t\t\t<div class=\"elementor-element elementor-element-57c6f8b6 elementor-widget elementor-widget-text-editor\" data-id=\"57c6f8b6\" data-element_type=\"widget\" data-widget_type=\"text-editor.default\">\n\t\t\t\t<div class=\"elementor-widget-container\">\n\t\t\t<style>\/*! elementor - v3.6.5 - 27-04-2022 *\/\n.elementor-widget-text-editor.elementor-drop-cap-view-stacked .elementor-drop-cap{background-color:#818a91;color:#fff}.elementor-widget-text-editor.elementor-drop-cap-view-framed .elementor-drop-cap{color:#818a91;border:3px solid;background-color:transparent}.elementor-widget-text-editor:not(.elementor-drop-cap-view-default) .elementor-drop-cap{margin-top:8px}.elementor-widget-text-editor:not(.elementor-drop-cap-view-default) .elementor-drop-cap-letter{width:1em;height:1em}.elementor-widget-text-editor .elementor-drop-cap{float:left;text-align:center;line-height:1;font-size:50px}.elementor-widget-text-editor .elementor-drop-cap-letter{display:inline-block}<\/style>\t\t\t\t<h1 class=\"font_0\" style=\"text-align: center;\">BLOGUE<\/h1>\t\t\t\t\t\t<\/div>\n\t\t\t\t<\/div>\n\t\t\t\t\t<\/div>\n\t\t<\/div>\n\t\t\t\t\t\t\t<\/div>\n\t\t<\/section>\n\t\t\t\t<section class=\"elementor-section elementor-top-section elementor-element elementor-element-3d43129f elementor-section-boxed elementor-section-height-default elementor-section-height-default\" data-id=\"3d43129f\" data-element_type=\"section\">\n\t\t\t\t\t\t<div class=\"elementor-container elementor-column-gap-default\">\n\t\t\t\t\t<div class=\"elementor-column elementor-col-100 elementor-top-column elementor-element elementor-element-10a519c3\" data-id=\"10a519c3\" data-element_type=\"column\">\n\t\t\t<div class=\"elementor-widget-wrap elementor-element-populated\">\n\t\t\t\t\t\t\t\t<div class=\"elementor-element elementor-element-81fe3d9 elementor-widget elementor-widget-text-editor\" data-id=\"81fe3d9\" data-element_type=\"widget\" data-widget_type=\"text-editor.default\">\n\t\t\t\t<div class=\"elementor-widget-container\">\n\t\t\t\t\t\t\t<p style=\"text-align: center;\">Abonnez-vous pour recevoir des informations et du contenu exclusifs<\/p>\t\t\t\t\t\t<\/div>\n\t\t\t\t<\/div>\n\t\t\t\t<div class=\"elementor-element elementor-element-73a431e6 elementor-align-center elementor-widget elementor-widget-button\" data-id=\"73a431e6\" data-element_type=\"widget\" data-widget_type=\"button.default\">\n\t\t\t\t<div class=\"elementor-widget-container\">\n\t\t\t\t\t<div class=\"elementor-button-wrapper\">\n\t\t\t<a href=\"https:\/\/share.hsforms.com\/1fqtqc2JXT1CMbtSbC6BLsg3i60x\" target=\"_blank\" class=\"elementor-button-link elementor-button elementor-size-md\" role=\"button\">\n\t\t\t\t\t\t<span class=\"elementor-button-content-wrapper\">\n\t\t\t\t\t\t<span class=\"elementor-button-text\">CLIQUEZ ICI POUR VOUS ENREGISTRER<\/span>\n\t\t<\/span>\n\t\t\t\t\t<\/a>\n\t\t<\/div>\n\t\t\t\t<\/div>\n\t\t\t\t<\/div>\n\t\t\t\t\t<\/div>\n\t\t<\/div>\n\t\t\t\t\t\t\t<\/div>\n\t\t<\/section>\n\t\t\t\t<section class=\"elementor-section elementor-top-section elementor-element elementor-element-1bb4af21 elementor-section-boxed elementor-section-height-default elementor-section-height-default\" data-id=\"1bb4af21\" data-element_type=\"section\">\n\t\t\t\t\t\t<div class=\"elementor-container elementor-column-gap-default\">\n\t\t\t\t\t<div class=\"elementor-column elementor-col-100 elementor-top-column elementor-element elementor-element-51c7727e\" data-id=\"51c7727e\" data-element_type=\"column\">\n\t\t\t<div class=\"elementor-widget-wrap elementor-element-populated\">\n\t\t\t\t\t\t\t\t<div class=\"elementor-element elementor-element-8c9bdc1 elementor-widget elementor-widget-tp-dynamic-smart-showcase\" data-id=\"8c9bdc1\" data-element_type=\"widget\" data-widget_type=\"tp-dynamic-smart-showcase.default\">\n\t\t\t\t<div class=\"elementor-widget-container\">\n\t\t\t<div id=\"pt-plus-bss-list\" class=\"bss-list post69f72251f2077  bss-news pt-plus-filter-post-category   \"   data-id=\"post69f72251f2077\" data-style=\"news\" data-highlight=\"hl_left\" data-newslooppage=\"5\"  data-enable-isotope=\"1\"><div class=\"post-filter-label\"><span>Sujets :<\/span><\/div><div class=\"post-filter-data style-1 text-center\"><div class=\"showcase-filter\"><ul class=\"category-filters style-1 hover-style-1\"><li><a href=\"#\" class=\"filter-category-list active all\" data-filter=\"*\" ><span data-hover=\"Tous\">Tous<\/span><span class=\"all_post_count\">12<\/span><\/a><\/li><li><a href=\"#\" class=\"filter-category-list\"  data-filter=\".agile\"><span data-hover=\"Agile\">Agile<\/span><\/a><\/li><li><a href=\"#\" class=\"filter-category-list\"  data-filter=\".cybers-curit\"><span data-hover=\"Cybers\u00e9curit\u00e9\">Cybers\u00e9curit\u00e9<\/span><\/a><\/li><li><a href=\"#\" class=\"filter-category-list\"  data-filter=\".devops\"><span data-hover=\"DevOps\">DevOps<\/span><\/a><\/li><li><a href=\"#\" class=\"filter-category-list\"  data-filter=\".gestion-du-changement\"><span data-hover=\"Gestion du changement\">Gestion du changement<\/span><\/a><\/li><li><a href=\"#\" class=\"filter-category-list\"  data-filter=\".itil\"><span data-hover=\"ITIL\">ITIL<\/span><\/a><\/li><li><a href=\"#\" class=\"filter-category-list\"  data-filter=\".nouvelles-et-v-nements\"><span data-hover=\"Nouvelles et \u00e9v\u00e9nements\">Nouvelles et \u00e9v\u00e9nements<\/span><\/a><\/li><li><a href=\"#\" class=\"filter-category-list\"  data-filter=\".uncategorized\"><span data-hover=\"Uncategorized\">Uncategorized<\/span><\/a><\/li><\/ul><\/div><div class=\"bss-nxt-prv-icn\"><div class=\"bss_np bssprv\"> <i class=\"fa fa-chevron-left\" aria-hidden=\"true\"><\/i><\/div><div class=\"bss_np bssnext\"> <i class=\"fa fa-chevron-right\" aria-hidden=\"true\"><\/i><\/div><\/div><\/div><div id=\"post69f72251f2077\" class=\"post-inner-loop post69f72251f2077\"><div class=\"grid-item show animated fadeInEffect  cybers-curit  active bssfc hl_left\">\n<div class=\"bss-wrapper\">\n\t\t\t<div class=\"post-content-image-bg\" style=\"background:url(http:\/\/itchapters.com\/france\/wp-content\/uploads\/sites\/5\/2022\/05\/Blog-Images-Comprendre-blockchain.png) #f7f7f7;\" >\n\t\t\t\t<div class=\"post-content-wrapper\">\t\t\t\t\t\n\t\t\t\t\t\t\t\t\t\t\t\t\t<div class=\"post-category-list style-2\">\t\r\n\t<span><a href=\"http:\/\/itchapters.com\/france\/category\/cybers-curit\/\" class=\"bss-cat-link\">Cybers\u00e9curit\u00e9<\/a><\/span><\/div>\r\n\r\n\t\t\t\t\t\t\t\n\t\t\t\t\t\t<div class=\"bss-content\">\n\t\t\t\t\t\t\t\t<h3 class=\"post-title normal\">\r\n\t<a href=\"http:\/\/itchapters.com\/france\/2021\/06\/17\/comprendre-la-technologie-blockchain\/\">Comprendre la technologie Blockchain<\/a>\r\n<\/h3>\t\t\t\t\t\t\t\t\t<div class=\"entry-content\">\r\n\t<p>Conseil TI, Formation &amp; Placement 17 juin, 2021 | Cybers\u00e9curit\u00e9 Dans le contexte actuel de transformation num\u00e9rique, tout le monde a entendu parler du terme \u00ab&nbsp;Blockchain&nbsp;\u00bb au moins une...<\/p>\r\n<\/div>\t\t\t\t\t\t\t\t\t\n\t\t\t\t\t\t\t\t\t\n\t\t\t\t\t\t\t\t<div class=\"bss-meta-content\"><a href=\"http:\/\/itchapters.com\/france\/2021\/06\/17\/comprendre-la-technologie-blockchain\/\" class=\"bss-meta-content-link\">\n\t\t\t\t\t\t\t\t\t<\/a>\t\t\t\t\t\t\t\t\t\t\t\t\t\t\t\t\t\n\t\t\t\t\t\t\t\t<\/div>\t\t\t\t\t\t\n\t\t\t\t\t<\/div>\n\t\t\t\t<\/div>\n\t\t\t<\/div>\n\t\t\t<div class=\"post-content-remain-list\">\t\n\t\t\t\t<a href=\"http:\/\/itchapters.com\/france\/2021\/06\/17\/comprendre-la-technologie-blockchain\/\" class=\"bss-remain-img\">\n\t\t\t\t\t\t<div class=\"blog-featured-image\">\n\t<span class=\"thumb-wrap\">\n\t\t<img src=\"http:\/\/itchapters.com\/france\/wp-content\/uploads\/sites\/5\/2022\/05\/Blog-Images-Comprendre-blockchain.png\" alt=\"Comprendre la technologie Blockchain\">\t<\/span>\n\t<\/div>\t\t\t\t<\/a>\n\t\t\t\t<div class=\"bss-content\">\t\t\t\t\n\t\t\t\t\t\t<div class=\"bss-meta-content\"><a href=\"http:\/\/itchapters.com\/france\/2021\/06\/17\/comprendre-la-technologie-blockchain\/\" class=\"bss-meta-content-link\">\n\t\t\t\t\t\t\t<\/a>\n\t\t\t\t\t\t<\/div>\n\t\t\t\t\t\t<h3 class=\"post-title normal\">\r\n\t<a href=\"http:\/\/itchapters.com\/france\/2021\/06\/17\/comprendre-la-technologie-blockchain\/\">Comprendre la technologie Blockchain<\/a>\r\n<\/h3>\t\t\t\t\t\t\t\t\t<div class=\"entry-content\">\r\n\t<p>Conseil TI, Formation &amp; Placement 17 juin, 2021 | Cybers\u00e9curit\u00e9 Dans le contexte actuel de transformation num\u00e9rique, tout le monde a entendu parler du terme \u00ab&nbsp;Blockchain&nbsp;\u00bb au moins une...<\/p>\r\n<\/div>\t\t\t\t\t\t\t\t\t\n\t\t\t\t\t\t\t\t\t\t\t\t\t\t\t\t\t\t\t\t\t\t\t\t\t\n\t\t\t\t<\/div>\n\t\t\t<\/div>\t\t\n<\/div><\/div><div class=\"grid-item show animated fadeInEffect  nouvelles-et-v-nements  active  hl_left\">\n<div class=\"bss-wrapper\">\n\t\t\t<div class=\"post-content-image-bg\" style=\"background:url(http:\/\/itchapters.com\/france\/wp-content\/uploads\/sites\/5\/2022\/05\/Blog-Images-Joyeuses-Fe\u0302tes-de-la-part-de-IT-Chapter.png.crdownload.png) #f7f7f7;\" >\n\t\t\t\t<div class=\"post-content-wrapper\">\t\t\t\t\t\n\t\t\t\t\t\t\t\t\t\t\t\t\t<div class=\"post-category-list style-2\">\t\r\n\t<span><a href=\"http:\/\/itchapters.com\/france\/category\/nouvelles-et-v-nements\/\" class=\"bss-cat-link\">Nouvelles et \u00e9v\u00e9nements<\/a><\/span><\/div>\r\n\r\n\t\t\t\t\t\t\t\n\t\t\t\t\t\t<div class=\"bss-content\">\n\t\t\t\t\t\t\t\t<h3 class=\"post-title normal\">\r\n\t<a href=\"http:\/\/itchapters.com\/france\/2021\/04\/26\/joyeuses-fetes-de-la-part-de-it-chapter\/\">Joyeuses F\u00eates de la part de IT Chapter!<\/a>\r\n<\/h3>\t\t\t\t\t\t\t\t\t<div class=\"entry-content\">\r\n\t<p>Conseil TI, Formation &amp; Placement 13 d\u00e9cembre, 2020 Partager ce post Partager sur facebook Partager sur google Partager sur twitter Partager sur linkedin Partager sur pinterest Partager sur print...<\/p>\r\n<\/div>\t\t\t\t\t\t\t\t\t\n\t\t\t\t\t\t\t\t\t\n\t\t\t\t\t\t\t\t<div class=\"bss-meta-content\"><a href=\"http:\/\/itchapters.com\/france\/2021\/04\/26\/joyeuses-fetes-de-la-part-de-it-chapter\/\" class=\"bss-meta-content-link\">\n\t\t\t\t\t\t\t\t\t<\/a>\t\t\t\t\t\t\t\t\t\t\t\t\t\t\t\t\t\n\t\t\t\t\t\t\t\t<\/div>\t\t\t\t\t\t\n\t\t\t\t\t<\/div>\n\t\t\t\t<\/div>\n\t\t\t<\/div>\n\t\t\t<div class=\"post-content-remain-list\">\t\n\t\t\t\t<a href=\"http:\/\/itchapters.com\/france\/2021\/04\/26\/joyeuses-fetes-de-la-part-de-it-chapter\/\" class=\"bss-remain-img\">\n\t\t\t\t\t\t<div class=\"blog-featured-image\">\n\t<span class=\"thumb-wrap\">\n\t\t<img src=\"http:\/\/itchapters.com\/france\/wp-content\/uploads\/sites\/5\/2022\/05\/Blog-Images-Joyeuses-Fe\u0302tes-de-la-part-de-IT-Chapter.png.crdownload.png\" alt=\"Joyeuses F\u00eates de la part de IT Chapter!\">\t<\/span>\n\t<\/div>\t\t\t\t<\/a>\n\t\t\t\t<div class=\"bss-content\">\t\t\t\t\n\t\t\t\t\t\t<div class=\"bss-meta-content\"><a href=\"http:\/\/itchapters.com\/france\/2021\/04\/26\/joyeuses-fetes-de-la-part-de-it-chapter\/\" class=\"bss-meta-content-link\">\n\t\t\t\t\t\t\t<\/a>\n\t\t\t\t\t\t<\/div>\n\t\t\t\t\t\t<h3 class=\"post-title normal\">\r\n\t<a href=\"http:\/\/itchapters.com\/france\/2021\/04\/26\/joyeuses-fetes-de-la-part-de-it-chapter\/\">Joyeuses F\u00eates de la part de IT Chapter!<\/a>\r\n<\/h3>\t\t\t\t\t\t\t\t\t<div class=\"entry-content\">\r\n\t<p>Conseil TI, Formation &amp; Placement 13 d\u00e9cembre, 2020 Partager ce post Partager sur facebook Partager sur google Partager sur twitter Partager sur linkedin Partager sur pinterest Partager sur print...<\/p>\r\n<\/div>\t\t\t\t\t\t\t\t\t\n\t\t\t\t\t\t\t\t\t\t\t\t\t\t\t\t\t\t\t\t\t\t\t\t\t\n\t\t\t\t<\/div>\n\t\t\t<\/div>\t\t\n<\/div><\/div><div class=\"grid-item show animated fadeInEffect  devops  itil  active  hl_left\">\n<div class=\"bss-wrapper\">\n\t\t\t<div class=\"post-content-image-bg\" style=\"background:url(http:\/\/itchapters.com\/france\/wp-content\/uploads\/sites\/5\/2022\/05\/Blog-Images-ITIL.png) #f7f7f7;\" >\n\t\t\t\t<div class=\"post-content-wrapper\">\t\t\t\t\t\n\t\t\t\t\t\t\t\t\t\t\t\t\t<div class=\"post-category-list style-2\">\t\r\n\t<span><a href=\"http:\/\/itchapters.com\/france\/category\/devops\/\" class=\"bss-cat-link\">DevOps<\/a><\/span><span><a href=\"http:\/\/itchapters.com\/france\/category\/itil\/\" class=\"bss-cat-link\">ITIL<\/a><\/span><\/div>\r\n\r\n\t\t\t\t\t\t\t\n\t\t\t\t\t\t<div class=\"bss-content\">\n\t\t\t\t\t\t\t\t<h3 class=\"post-title normal\">\r\n\t<a href=\"http:\/\/itchapters.com\/france\/2021\/04\/26\/le-temps-presse-les-derniers-details-sur-larret-officiel-ditil-v3\/\">Le temps presse, les derniers d\u00e9tails sur l\u2019arr\u00eat officiel...<\/a>\r\n<\/h3>\t\t\t\t\t\t\t\t\t<div class=\"entry-content\">\r\n\t<p>Conseil TI, Formation &amp; Placement 15 janvier, 2021 | ITIL Depuis le lancement du nouveau cadre ITIL\u00ae 4 (plus si nouveau que \u00e7a !) en 2019, les professionnels de...<\/p>\r\n<\/div>\t\t\t\t\t\t\t\t\t\n\t\t\t\t\t\t\t\t\t\n\t\t\t\t\t\t\t\t<div class=\"bss-meta-content\"><a href=\"http:\/\/itchapters.com\/france\/2021\/04\/26\/le-temps-presse-les-derniers-details-sur-larret-officiel-ditil-v3\/\" class=\"bss-meta-content-link\">\n\t\t\t\t\t\t\t\t\t<\/a>\t\t\t\t\t\t\t\t\t\t\t\t\t\t\t\t\t\n\t\t\t\t\t\t\t\t<\/div>\t\t\t\t\t\t\n\t\t\t\t\t<\/div>\n\t\t\t\t<\/div>\n\t\t\t<\/div>\n\t\t\t<div class=\"post-content-remain-list\">\t\n\t\t\t\t<a href=\"http:\/\/itchapters.com\/france\/2021\/04\/26\/le-temps-presse-les-derniers-details-sur-larret-officiel-ditil-v3\/\" class=\"bss-remain-img\">\n\t\t\t\t\t\t<div class=\"blog-featured-image\">\n\t<span class=\"thumb-wrap\">\n\t\t<img src=\"http:\/\/itchapters.com\/france\/wp-content\/uploads\/sites\/5\/2022\/05\/Blog-Images-ITIL.png\" alt=\"Le temps presse, les derniers d\u00e9tails sur l\u2019arr\u00eat officiel d&#8217;ITIL\u00ae V3\">\t<\/span>\n\t<\/div>\t\t\t\t<\/a>\n\t\t\t\t<div class=\"bss-content\">\t\t\t\t\n\t\t\t\t\t\t<div class=\"bss-meta-content\"><a href=\"http:\/\/itchapters.com\/france\/2021\/04\/26\/le-temps-presse-les-derniers-details-sur-larret-officiel-ditil-v3\/\" class=\"bss-meta-content-link\">\n\t\t\t\t\t\t\t<\/a>\n\t\t\t\t\t\t<\/div>\n\t\t\t\t\t\t<h3 class=\"post-title normal\">\r\n\t<a href=\"http:\/\/itchapters.com\/france\/2021\/04\/26\/le-temps-presse-les-derniers-details-sur-larret-officiel-ditil-v3\/\">Le temps presse, les derniers d\u00e9tails sur l\u2019arr\u00eat officiel...<\/a>\r\n<\/h3>\t\t\t\t\t\t\t\t\t<div class=\"entry-content\">\r\n\t<p>Conseil TI, Formation &amp; Placement 15 janvier, 2021 | ITIL Depuis le lancement du nouveau cadre ITIL\u00ae 4 (plus si nouveau que \u00e7a !) en 2019, les professionnels de...<\/p>\r\n<\/div>\t\t\t\t\t\t\t\t\t\n\t\t\t\t\t\t\t\t\t\t\t\t\t\t\t\t\t\t\t\t\t\t\t\t\t\n\t\t\t\t<\/div>\n\t\t\t<\/div>\t\t\n<\/div><\/div><div class=\"grid-item show animated fadeInEffect  itil  active  hl_left\">\n<div class=\"bss-wrapper\">\n\t\t\t<div class=\"post-content-image-bg\" style=\"background:url(http:\/\/itchapters.com\/france\/wp-content\/uploads\/sites\/5\/2022\/05\/Blog-Images-Lagilite\u0301-en-gestion-des-services-TI-\u2013-E\u0301tape-3-.png) #f7f7f7;\" >\n\t\t\t\t<div class=\"post-content-wrapper\">\t\t\t\t\t\n\t\t\t\t\t\t\t\t\t\t\t\t\t<div class=\"post-category-list style-2\">\t\r\n\t<span><a href=\"http:\/\/itchapters.com\/france\/category\/itil\/\" class=\"bss-cat-link\">ITIL<\/a><\/span><\/div>\r\n\r\n\t\t\t\t\t\t\t\n\t\t\t\t\t\t<div class=\"bss-content\">\n\t\t\t\t\t\t\t\t<h3 class=\"post-title normal\">\r\n\t<a href=\"http:\/\/itchapters.com\/france\/2021\/04\/25\/lagilite-en-gestion-des-services-informatiques-etape-3-demontrer-et-conclusion\/\">L&#8217;agilit\u00e9 en gestion des services informatiques &#8211; \u00c9tape 3...<\/a>\r\n<\/h3>\t\t\t\t\t\t\t\t\t<div class=\"entry-content\">\r\n\t<p>Conseil TI, Formation &amp; Placement 2 novembre, 2020 | Gestion des services La semaine derni\u00e8re nous avions d\u00e9couvert que pour arriver \u00e0 faire de l&#8217;agilit\u00e9 en gestion des services...<\/p>\r\n<\/div>\t\t\t\t\t\t\t\t\t\n\t\t\t\t\t\t\t\t\t\n\t\t\t\t\t\t\t\t<div class=\"bss-meta-content\"><a href=\"http:\/\/itchapters.com\/france\/2021\/04\/25\/lagilite-en-gestion-des-services-informatiques-etape-3-demontrer-et-conclusion\/\" class=\"bss-meta-content-link\">\n\t\t\t\t\t\t\t\t\t<\/a>\t\t\t\t\t\t\t\t\t\t\t\t\t\t\t\t\t\n\t\t\t\t\t\t\t\t<\/div>\t\t\t\t\t\t\n\t\t\t\t\t<\/div>\n\t\t\t\t<\/div>\n\t\t\t<\/div>\n\t\t\t<div class=\"post-content-remain-list\">\t\n\t\t\t\t<a href=\"http:\/\/itchapters.com\/france\/2021\/04\/25\/lagilite-en-gestion-des-services-informatiques-etape-3-demontrer-et-conclusion\/\" class=\"bss-remain-img\">\n\t\t\t\t\t\t<div class=\"blog-featured-image\">\n\t<span class=\"thumb-wrap\">\n\t\t<img src=\"http:\/\/itchapters.com\/france\/wp-content\/uploads\/sites\/5\/2022\/05\/Blog-Images-Lagilite\u0301-en-gestion-des-services-TI-\u2013-E\u0301tape-3-.png\" alt=\"L&#8217;agilit\u00e9 en gestion des services informatiques &#8211; \u00c9tape 3 : D\u00e9montrer et conclusion\">\t<\/span>\n\t<\/div>\t\t\t\t<\/a>\n\t\t\t\t<div class=\"bss-content\">\t\t\t\t\n\t\t\t\t\t\t<div class=\"bss-meta-content\"><a href=\"http:\/\/itchapters.com\/france\/2021\/04\/25\/lagilite-en-gestion-des-services-informatiques-etape-3-demontrer-et-conclusion\/\" class=\"bss-meta-content-link\">\n\t\t\t\t\t\t\t<\/a>\n\t\t\t\t\t\t<\/div>\n\t\t\t\t\t\t<h3 class=\"post-title normal\">\r\n\t<a href=\"http:\/\/itchapters.com\/france\/2021\/04\/25\/lagilite-en-gestion-des-services-informatiques-etape-3-demontrer-et-conclusion\/\">L&#8217;agilit\u00e9 en gestion des services informatiques &#8211; \u00c9tape 3...<\/a>\r\n<\/h3>\t\t\t\t\t\t\t\t\t<div class=\"entry-content\">\r\n\t<p>Conseil TI, Formation &amp; Placement 2 novembre, 2020 | Gestion des services La semaine derni\u00e8re nous avions d\u00e9couvert que pour arriver \u00e0 faire de l&#8217;agilit\u00e9 en gestion des services...<\/p>\r\n<\/div>\t\t\t\t\t\t\t\t\t\n\t\t\t\t\t\t\t\t\t\t\t\t\t\t\t\t\t\t\t\t\t\t\t\t\t\n\t\t\t\t<\/div>\n\t\t\t<\/div>\t\t\n<\/div><\/div><div class=\"grid-item show animated fadeInEffect  itil  active  hl_left\">\n<div class=\"bss-wrapper\">\n\t\t\t<div class=\"post-content-image-bg\" style=\"background:url(http:\/\/itchapters.com\/france\/wp-content\/uploads\/sites\/5\/2022\/05\/Blog-Images-De\u0301couvrez-la-formation-ITIL\u00ae4-Cre\u0301er-Fournir-et-Soutenir.png) #f7f7f7;\" >\n\t\t\t\t<div class=\"post-content-wrapper\">\t\t\t\t\t\n\t\t\t\t\t\t\t\t\t\t\t\t\t<div class=\"post-category-list style-2\">\t\r\n\t<span><a href=\"http:\/\/itchapters.com\/france\/category\/itil\/\" class=\"bss-cat-link\">ITIL<\/a><\/span><\/div>\r\n\r\n\t\t\t\t\t\t\t\n\t\t\t\t\t\t<div class=\"bss-content\">\n\t\t\t\t\t\t\t\t<h3 class=\"post-title normal\">\r\n\t<a href=\"http:\/\/itchapters.com\/france\/2021\/04\/25\/decouvrez-la-formation-itil4-creer-fournir-et-soutenir\/\">D\u00e9couvrez la formation ITIL\u00ae4 Cr\u00e9er, Fournir et Soutenir<\/a>\r\n<\/h3>\t\t\t\t\t\t\t\t\t<div class=\"entry-content\">\r\n\t<p>Conseil TI, Formation &amp; Placement 18 d\u00e9cembre, 2020 | ITIL Notre formateur expert vous explique, dans la vid\u00e9o ci-dessous, en quoi consiste la formation ITIL\u00ae4 Cr\u00e9er, Fournir et Soutenir...<\/p>\r\n<\/div>\t\t\t\t\t\t\t\t\t\n\t\t\t\t\t\t\t\t\t\n\t\t\t\t\t\t\t\t<div class=\"bss-meta-content\"><a href=\"http:\/\/itchapters.com\/france\/2021\/04\/25\/decouvrez-la-formation-itil4-creer-fournir-et-soutenir\/\" class=\"bss-meta-content-link\">\n\t\t\t\t\t\t\t\t\t<\/a>\t\t\t\t\t\t\t\t\t\t\t\t\t\t\t\t\t\n\t\t\t\t\t\t\t\t<\/div>\t\t\t\t\t\t\n\t\t\t\t\t<\/div>\n\t\t\t\t<\/div>\n\t\t\t<\/div>\n\t\t\t<div class=\"post-content-remain-list\">\t\n\t\t\t\t<a href=\"http:\/\/itchapters.com\/france\/2021\/04\/25\/decouvrez-la-formation-itil4-creer-fournir-et-soutenir\/\" class=\"bss-remain-img\">\n\t\t\t\t\t\t<div class=\"blog-featured-image\">\n\t<span class=\"thumb-wrap\">\n\t\t<img src=\"http:\/\/itchapters.com\/france\/wp-content\/uploads\/sites\/5\/2022\/05\/Blog-Images-De\u0301couvrez-la-formation-ITIL\u00ae4-Cre\u0301er-Fournir-et-Soutenir.png\" alt=\"D\u00e9couvrez la formation ITIL\u00ae4 Cr\u00e9er, Fournir et Soutenir\">\t<\/span>\n\t<\/div>\t\t\t\t<\/a>\n\t\t\t\t<div class=\"bss-content\">\t\t\t\t\n\t\t\t\t\t\t<div class=\"bss-meta-content\"><a href=\"http:\/\/itchapters.com\/france\/2021\/04\/25\/decouvrez-la-formation-itil4-creer-fournir-et-soutenir\/\" class=\"bss-meta-content-link\">\n\t\t\t\t\t\t\t<\/a>\n\t\t\t\t\t\t<\/div>\n\t\t\t\t\t\t<h3 class=\"post-title normal\">\r\n\t<a href=\"http:\/\/itchapters.com\/france\/2021\/04\/25\/decouvrez-la-formation-itil4-creer-fournir-et-soutenir\/\">D\u00e9couvrez la formation ITIL\u00ae4 Cr\u00e9er, Fournir et Soutenir<\/a>\r\n<\/h3>\t\t\t\t\t\t\t\t\t<div class=\"entry-content\">\r\n\t<p>Conseil TI, Formation &amp; Placement 18 d\u00e9cembre, 2020 | ITIL Notre formateur expert vous explique, dans la vid\u00e9o ci-dessous, en quoi consiste la formation ITIL\u00ae4 Cr\u00e9er, Fournir et Soutenir...<\/p>\r\n<\/div>\t\t\t\t\t\t\t\t\t\n\t\t\t\t\t\t\t\t\t\t\t\t\t\t\t\t\t\t\t\t\t\t\t\t\t\n\t\t\t\t<\/div>\n\t\t\t<\/div>\t\t\n<\/div><\/div><div class=\"grid-item   agile  active  hl_left\">\n<div class=\"bss-wrapper\">\n\t\t\t<div class=\"post-content-image-bg\" style=\"background:url(http:\/\/itchapters.com\/france\/wp-content\/uploads\/sites\/5\/2022\/05\/Blog-Images-Combiner-la-gestion-des-AgilePM-et-Scrum.png) #f7f7f7;\" >\n\t\t\t\t<div class=\"post-content-wrapper\">\t\t\t\t\t\n\t\t\t\t\t\t\t\t\t\t\t\t\t<div class=\"post-category-list style-2\">\t\r\n\t<span><a href=\"http:\/\/itchapters.com\/france\/category\/agile\/\" class=\"bss-cat-link\">Agile<\/a><\/span><\/div>\r\n\r\n\t\t\t\t\t\t\t\n\t\t\t\t\t\t<div class=\"bss-content\">\n\t\t\t\t\t\t\t\t<h3 class=\"post-title normal\">\r\n\t<a href=\"http:\/\/itchapters.com\/france\/2021\/04\/25\/combiner-la-gestion-des-agilepm-et-scrum\/\">Combiner la gestion des AgilePM et Scrum<\/a>\r\n<\/h3>\t\t\t\t\t\t\t\t\t<div class=\"entry-content\">\r\n\t<p>Conseil TI, Formation et Placement 18 d\u00e9cembre, 2020 | BRM Voici l&#8217;enregistrement du webinaire portant sur les m\u00e9thodes de travail Agile les plus populaires, pr\u00e9sent\u00e9 par Beatrice Radulescu. &nbsp;Pour...<\/p>\r\n<\/div>\t\t\t\t\t\t\t\t\t\n\t\t\t\t\t\t\t\t\t\n\t\t\t\t\t\t\t\t<div class=\"bss-meta-content\"><a href=\"http:\/\/itchapters.com\/france\/2021\/04\/25\/combiner-la-gestion-des-agilepm-et-scrum\/\" class=\"bss-meta-content-link\">\n\t\t\t\t\t\t\t\t\t<\/a>\t\t\t\t\t\t\t\t\t\t\t\t\t\t\t\t\t\n\t\t\t\t\t\t\t\t<\/div>\t\t\t\t\t\t\n\t\t\t\t\t<\/div>\n\t\t\t\t<\/div>\n\t\t\t<\/div>\n\t\t\t<div class=\"post-content-remain-list\">\t\n\t\t\t\t<a href=\"http:\/\/itchapters.com\/france\/2021\/04\/25\/combiner-la-gestion-des-agilepm-et-scrum\/\" class=\"bss-remain-img\">\n\t\t\t\t\t\t<div class=\"blog-featured-image\">\n\t<span class=\"thumb-wrap\">\n\t\t<img src=\"http:\/\/itchapters.com\/france\/wp-content\/uploads\/sites\/5\/2022\/05\/Blog-Images-Combiner-la-gestion-des-AgilePM-et-Scrum.png\" alt=\"Combiner la gestion des AgilePM et Scrum\">\t<\/span>\n\t<\/div>\t\t\t\t<\/a>\n\t\t\t\t<div class=\"bss-content\">\t\t\t\t\n\t\t\t\t\t\t<div class=\"bss-meta-content\"><a href=\"http:\/\/itchapters.com\/france\/2021\/04\/25\/combiner-la-gestion-des-agilepm-et-scrum\/\" class=\"bss-meta-content-link\">\n\t\t\t\t\t\t\t<\/a>\n\t\t\t\t\t\t<\/div>\n\t\t\t\t\t\t<h3 class=\"post-title normal\">\r\n\t<a href=\"http:\/\/itchapters.com\/france\/2021\/04\/25\/combiner-la-gestion-des-agilepm-et-scrum\/\">Combiner la gestion des AgilePM et Scrum<\/a>\r\n<\/h3>\t\t\t\t\t\t\t\t\t<div class=\"entry-content\">\r\n\t<p>Conseil TI, Formation et Placement 18 d\u00e9cembre, 2020 | BRM Voici l&#8217;enregistrement du webinaire portant sur les m\u00e9thodes de travail Agile les plus populaires, pr\u00e9sent\u00e9 par Beatrice Radulescu. &nbsp;Pour...<\/p>\r\n<\/div>\t\t\t\t\t\t\t\t\t\n\t\t\t\t\t\t\t\t\t\t\t\t\t\t\t\t\t\t\t\t\t\t\t\t\t\n\t\t\t\t<\/div>\n\t\t\t<\/div>\t\t\n<\/div><\/div><div class=\"grid-item   itil  active  hl_left\">\n<div class=\"bss-wrapper\">\n\t\t\t<div class=\"post-content-image-bg\" style=\"background:url(http:\/\/itchapters.com\/france\/wp-content\/uploads\/sites\/5\/2022\/05\/Blog-Images-Lagilite\u0301-en-gestion-des-services-informatiques-TI-E\u0301tape-2.png) #f7f7f7;\" >\n\t\t\t\t<div class=\"post-content-wrapper\">\t\t\t\t\t\n\t\t\t\t\t\t\t\t\t\t\t\t\t<div class=\"post-category-list style-2\">\t\r\n\t<span><a href=\"http:\/\/itchapters.com\/france\/category\/itil\/\" class=\"bss-cat-link\">ITIL<\/a><\/span><\/div>\r\n\r\n\t\t\t\t\t\t\t\n\t\t\t\t\t\t<div class=\"bss-content\">\n\t\t\t\t\t\t\t\t<h3 class=\"post-title normal\">\r\n\t<a href=\"http:\/\/itchapters.com\/france\/2021\/04\/25\/lagilite-en-gestion-des-services-informatiques-etape-2-resoudre-les-problemes-inter-culturels\/\">L&#8217;agilit\u00e9 en gestion des services informatiques &#8211; \u00c9tape 2...<\/a>\r\n<\/h3>\t\t\t\t\t\t\t\t\t<div class=\"entry-content\">\r\n\t<p>Conseil TI, Formation &amp; Placement 11 d\u00e9cembre, 2020 | Gestion des services La semaine derni\u00e8re nous avons d\u00e9couvert que la premi\u00e8re \u00e9tape \u00e0 consid\u00e9rer pour arrimer ITSM et DevOps...<\/p>\r\n<\/div>\t\t\t\t\t\t\t\t\t\n\t\t\t\t\t\t\t\t\t\n\t\t\t\t\t\t\t\t<div class=\"bss-meta-content\"><a href=\"http:\/\/itchapters.com\/france\/2021\/04\/25\/lagilite-en-gestion-des-services-informatiques-etape-2-resoudre-les-problemes-inter-culturels\/\" class=\"bss-meta-content-link\">\n\t\t\t\t\t\t\t\t\t<\/a>\t\t\t\t\t\t\t\t\t\t\t\t\t\t\t\t\t\n\t\t\t\t\t\t\t\t<\/div>\t\t\t\t\t\t\n\t\t\t\t\t<\/div>\n\t\t\t\t<\/div>\n\t\t\t<\/div>\n\t\t\t<div class=\"post-content-remain-list\">\t\n\t\t\t\t<a href=\"http:\/\/itchapters.com\/france\/2021\/04\/25\/lagilite-en-gestion-des-services-informatiques-etape-2-resoudre-les-problemes-inter-culturels\/\" class=\"bss-remain-img\">\n\t\t\t\t\t\t<div class=\"blog-featured-image\">\n\t<span class=\"thumb-wrap\">\n\t\t<img src=\"http:\/\/itchapters.com\/france\/wp-content\/uploads\/sites\/5\/2022\/05\/Blog-Images-Lagilite\u0301-en-gestion-des-services-informatiques-TI-E\u0301tape-2.png\" alt=\"L&#8217;agilit\u00e9 en gestion des services informatiques &#8211; \u00c9tape 2 : R\u00e9soudre les probl\u00e8mes inter-culturels\">\t<\/span>\n\t<\/div>\t\t\t\t<\/a>\n\t\t\t\t<div class=\"bss-content\">\t\t\t\t\n\t\t\t\t\t\t<div class=\"bss-meta-content\"><a href=\"http:\/\/itchapters.com\/france\/2021\/04\/25\/lagilite-en-gestion-des-services-informatiques-etape-2-resoudre-les-problemes-inter-culturels\/\" class=\"bss-meta-content-link\">\n\t\t\t\t\t\t\t<\/a>\n\t\t\t\t\t\t<\/div>\n\t\t\t\t\t\t<h3 class=\"post-title normal\">\r\n\t<a href=\"http:\/\/itchapters.com\/france\/2021\/04\/25\/lagilite-en-gestion-des-services-informatiques-etape-2-resoudre-les-problemes-inter-culturels\/\">L&#8217;agilit\u00e9 en gestion des services informatiques &#8211; \u00c9tape 2...<\/a>\r\n<\/h3>\t\t\t\t\t\t\t\t\t<div class=\"entry-content\">\r\n\t<p>Conseil TI, Formation &amp; Placement 11 d\u00e9cembre, 2020 | Gestion des services La semaine derni\u00e8re nous avons d\u00e9couvert que la premi\u00e8re \u00e9tape \u00e0 consid\u00e9rer pour arrimer ITSM et DevOps...<\/p>\r\n<\/div>\t\t\t\t\t\t\t\t\t\n\t\t\t\t\t\t\t\t\t\t\t\t\t\t\t\t\t\t\t\t\t\t\t\t\t\n\t\t\t\t<\/div>\n\t\t\t<\/div>\t\t\n<\/div><\/div><div class=\"grid-item   itil  active  hl_left\">\n<div class=\"bss-wrapper\">\n\t\t\t<div class=\"post-content-image-bg\" style=\"background:url(http:\/\/itchapters.com\/france\/wp-content\/uploads\/sites\/5\/2022\/05\/IT-Chapter-Blog-5-Things-to-Remember-About-ITIL-4-Practices.png) #f7f7f7;\" >\n\t\t\t\t<div class=\"post-content-wrapper\">\t\t\t\t\t\n\t\t\t\t\t\t\t\t\t\t\t\t\t<div class=\"post-category-list style-2\">\t\r\n\t<span><a href=\"http:\/\/itchapters.com\/france\/category\/itil\/\" class=\"bss-cat-link\">ITIL<\/a><\/span><\/div>\r\n\r\n\t\t\t\t\t\t\t\n\t\t\t\t\t\t<div class=\"bss-content\">\n\t\t\t\t\t\t\t\t<h3 class=\"post-title normal\">\r\n\t<a href=\"http:\/\/itchapters.com\/france\/2021\/04\/25\/lagilite-en-gestion-des-services-informatiques-etape-1-simplifier\/\">L&#8217;agilit\u00e9 en gestion des services informatiques &#8211; \u00c9tape 1...<\/a>\r\n<\/h3>\t\t\t\t\t\t\t\t\t<div class=\"entry-content\">\r\n\t<p>Conseil TI, Formation &amp; Placement 30 octobre, 2020 | Gestion des services La semaine derni\u00e8re nous avons d\u00e9couvert comment s&#8217;articule l&#8217;agilit\u00e9 en gestion des services informatique. Cette semaine nous...<\/p>\r\n<\/div>\t\t\t\t\t\t\t\t\t\n\t\t\t\t\t\t\t\t\t\n\t\t\t\t\t\t\t\t<div class=\"bss-meta-content\"><a href=\"http:\/\/itchapters.com\/france\/2021\/04\/25\/lagilite-en-gestion-des-services-informatiques-etape-1-simplifier\/\" class=\"bss-meta-content-link\">\n\t\t\t\t\t\t\t\t\t<\/a>\t\t\t\t\t\t\t\t\t\t\t\t\t\t\t\t\t\n\t\t\t\t\t\t\t\t<\/div>\t\t\t\t\t\t\n\t\t\t\t\t<\/div>\n\t\t\t\t<\/div>\n\t\t\t<\/div>\n\t\t\t<div class=\"post-content-remain-list\">\t\n\t\t\t\t<a href=\"http:\/\/itchapters.com\/france\/2021\/04\/25\/lagilite-en-gestion-des-services-informatiques-etape-1-simplifier\/\" class=\"bss-remain-img\">\n\t\t\t\t\t\t<div class=\"blog-featured-image\">\n\t<span class=\"thumb-wrap\">\n\t\t<img src=\"http:\/\/itchapters.com\/france\/wp-content\/uploads\/sites\/5\/2022\/05\/IT-Chapter-Blog-5-Things-to-Remember-About-ITIL-4-Practices.png\" alt=\"L&#8217;agilit\u00e9 en gestion des services informatiques &#8211; \u00c9tape 1 : Simplifier\">\t<\/span>\n\t<\/div>\t\t\t\t<\/a>\n\t\t\t\t<div class=\"bss-content\">\t\t\t\t\n\t\t\t\t\t\t<div class=\"bss-meta-content\"><a href=\"http:\/\/itchapters.com\/france\/2021\/04\/25\/lagilite-en-gestion-des-services-informatiques-etape-1-simplifier\/\" class=\"bss-meta-content-link\">\n\t\t\t\t\t\t\t<\/a>\n\t\t\t\t\t\t<\/div>\n\t\t\t\t\t\t<h3 class=\"post-title normal\">\r\n\t<a href=\"http:\/\/itchapters.com\/france\/2021\/04\/25\/lagilite-en-gestion-des-services-informatiques-etape-1-simplifier\/\">L&#8217;agilit\u00e9 en gestion des services informatiques &#8211; \u00c9tape 1...<\/a>\r\n<\/h3>\t\t\t\t\t\t\t\t\t<div class=\"entry-content\">\r\n\t<p>Conseil TI, Formation &amp; Placement 30 octobre, 2020 | Gestion des services La semaine derni\u00e8re nous avons d\u00e9couvert comment s&#8217;articule l&#8217;agilit\u00e9 en gestion des services informatique. Cette semaine nous...<\/p>\r\n<\/div>\t\t\t\t\t\t\t\t\t\n\t\t\t\t\t\t\t\t\t\t\t\t\t\t\t\t\t\t\t\t\t\t\t\t\t\n\t\t\t\t<\/div>\n\t\t\t<\/div>\t\t\n<\/div><\/div><div class=\"grid-item   itil  active  hl_left\">\n<div class=\"bss-wrapper\">\n\t\t\t<div class=\"post-content-image-bg\" style=\"background:url(http:\/\/itchapters.com\/france\/wp-content\/uploads\/sites\/5\/2022\/05\/Blog-Images-Est-ce-le-temps-de-de\u0301laisser-la-formalite\u0301-pour-lagilite\u0301.png) #f7f7f7;\" >\n\t\t\t\t<div class=\"post-content-wrapper\">\t\t\t\t\t\n\t\t\t\t\t\t\t\t\t\t\t\t\t<div class=\"post-category-list style-2\">\t\r\n\t<span><a href=\"http:\/\/itchapters.com\/france\/category\/itil\/\" class=\"bss-cat-link\">ITIL<\/a><\/span><\/div>\r\n\r\n\t\t\t\t\t\t\t\n\t\t\t\t\t\t<div class=\"bss-content\">\n\t\t\t\t\t\t\t\t<h3 class=\"post-title normal\">\r\n\t<a href=\"http:\/\/itchapters.com\/france\/2021\/04\/25\/est-ce-le-temps-de-delaisser-la-formalite-pour-lagilite\/\">Est-ce le temps de d\u00e9laisser la formalit\u00e9 pour l&#8217;agilit\u00e9...<\/a>\r\n<\/h3>\t\t\t\t\t\t\t\t\t<div class=\"entry-content\">\r\n\t<p>Conseil TI, Formation &amp; Placement 2 novembre, 2020 | Gestion des services Est-ce le temps de d\u00e9laisser la formalit\u00e9 pour l&#8217;agilit\u00e9 ? C&#8217;est la question qui a \u00e9t\u00e9 r\u00e9pondue...<\/p>\r\n<\/div>\t\t\t\t\t\t\t\t\t\n\t\t\t\t\t\t\t\t\t\n\t\t\t\t\t\t\t\t<div class=\"bss-meta-content\"><a href=\"http:\/\/itchapters.com\/france\/2021\/04\/25\/est-ce-le-temps-de-delaisser-la-formalite-pour-lagilite\/\" class=\"bss-meta-content-link\">\n\t\t\t\t\t\t\t\t\t<\/a>\t\t\t\t\t\t\t\t\t\t\t\t\t\t\t\t\t\n\t\t\t\t\t\t\t\t<\/div>\t\t\t\t\t\t\n\t\t\t\t\t<\/div>\n\t\t\t\t<\/div>\n\t\t\t<\/div>\n\t\t\t<div class=\"post-content-remain-list\">\t\n\t\t\t\t<a href=\"http:\/\/itchapters.com\/france\/2021\/04\/25\/est-ce-le-temps-de-delaisser-la-formalite-pour-lagilite\/\" class=\"bss-remain-img\">\n\t\t\t\t\t\t<div class=\"blog-featured-image\">\n\t<span class=\"thumb-wrap\">\n\t\t<img src=\"http:\/\/itchapters.com\/france\/wp-content\/uploads\/sites\/5\/2022\/05\/Blog-Images-Est-ce-le-temps-de-de\u0301laisser-la-formalite\u0301-pour-lagilite\u0301.png\" alt=\"Est-ce le temps de d\u00e9laisser la formalit\u00e9 pour l&#8217;agilit\u00e9 ?\">\t<\/span>\n\t<\/div>\t\t\t\t<\/a>\n\t\t\t\t<div class=\"bss-content\">\t\t\t\t\n\t\t\t\t\t\t<div class=\"bss-meta-content\"><a href=\"http:\/\/itchapters.com\/france\/2021\/04\/25\/est-ce-le-temps-de-delaisser-la-formalite-pour-lagilite\/\" class=\"bss-meta-content-link\">\n\t\t\t\t\t\t\t<\/a>\n\t\t\t\t\t\t<\/div>\n\t\t\t\t\t\t<h3 class=\"post-title normal\">\r\n\t<a href=\"http:\/\/itchapters.com\/france\/2021\/04\/25\/est-ce-le-temps-de-delaisser-la-formalite-pour-lagilite\/\">Est-ce le temps de d\u00e9laisser la formalit\u00e9 pour l&#8217;agilit\u00e9...<\/a>\r\n<\/h3>\t\t\t\t\t\t\t\t\t<div class=\"entry-content\">\r\n\t<p>Conseil TI, Formation &amp; Placement 2 novembre, 2020 | Gestion des services Est-ce le temps de d\u00e9laisser la formalit\u00e9 pour l&#8217;agilit\u00e9 ? C&#8217;est la question qui a \u00e9t\u00e9 r\u00e9pondue...<\/p>\r\n<\/div>\t\t\t\t\t\t\t\t\t\n\t\t\t\t\t\t\t\t\t\t\t\t\t\t\t\t\t\t\t\t\t\t\t\t\t\n\t\t\t\t<\/div>\n\t\t\t<\/div>\t\t\n<\/div><\/div><div class=\"grid-item   itil  active  hl_left\">\n<div class=\"bss-wrapper\">\n\t\t\t<div class=\"post-content-image-bg\" style=\"background:url(http:\/\/itchapters.com\/france\/wp-content\/uploads\/sites\/5\/2022\/05\/Blog-Images-Il-est-temps-de-miser-sur-des-processus-modernes-de-gestion-des-services.png) #f7f7f7;\" >\n\t\t\t\t<div class=\"post-content-wrapper\">\t\t\t\t\t\n\t\t\t\t\t\t\t\t\t\t\t\t\t<div class=\"post-category-list style-2\">\t\r\n\t<span><a href=\"http:\/\/itchapters.com\/france\/category\/itil\/\" class=\"bss-cat-link\">ITIL<\/a><\/span><\/div>\r\n\r\n\t\t\t\t\t\t\t\n\t\t\t\t\t\t<div class=\"bss-content\">\n\t\t\t\t\t\t\t\t<h3 class=\"post-title normal\">\r\n\t<a href=\"http:\/\/itchapters.com\/france\/2021\/04\/25\/il-est-temps-de-miser-sur-des-processus-modernes-de-gestion-des-services\/\">Il est temps de miser sur des processus modernes...<\/a>\r\n<\/h3>\t\t\t\t\t\t\t\t\t<div class=\"entry-content\">\r\n\t<p>Conseil TI, Formation &amp; Placement 5 octobre, 2020 | Gestion du changement Les processus ITSM modernes on \u00e9t\u00e9 le sujet principal webinaire qui a eu lieu le 26 mai...<\/p>\r\n<\/div>\t\t\t\t\t\t\t\t\t\n\t\t\t\t\t\t\t\t\t\n\t\t\t\t\t\t\t\t<div class=\"bss-meta-content\"><a href=\"http:\/\/itchapters.com\/france\/2021\/04\/25\/il-est-temps-de-miser-sur-des-processus-modernes-de-gestion-des-services\/\" class=\"bss-meta-content-link\">\n\t\t\t\t\t\t\t\t\t<\/a>\t\t\t\t\t\t\t\t\t\t\t\t\t\t\t\t\t\n\t\t\t\t\t\t\t\t<\/div>\t\t\t\t\t\t\n\t\t\t\t\t<\/div>\n\t\t\t\t<\/div>\n\t\t\t<\/div>\n\t\t\t<div class=\"post-content-remain-list\">\t\n\t\t\t\t<a href=\"http:\/\/itchapters.com\/france\/2021\/04\/25\/il-est-temps-de-miser-sur-des-processus-modernes-de-gestion-des-services\/\" class=\"bss-remain-img\">\n\t\t\t\t\t\t<div class=\"blog-featured-image\">\n\t<span class=\"thumb-wrap\">\n\t\t<img src=\"http:\/\/itchapters.com\/france\/wp-content\/uploads\/sites\/5\/2022\/05\/Blog-Images-Il-est-temps-de-miser-sur-des-processus-modernes-de-gestion-des-services.png\" alt=\"Il est temps de miser sur des processus modernes de gestion des services\">\t<\/span>\n\t<\/div>\t\t\t\t<\/a>\n\t\t\t\t<div class=\"bss-content\">\t\t\t\t\n\t\t\t\t\t\t<div class=\"bss-meta-content\"><a href=\"http:\/\/itchapters.com\/france\/2021\/04\/25\/il-est-temps-de-miser-sur-des-processus-modernes-de-gestion-des-services\/\" class=\"bss-meta-content-link\">\n\t\t\t\t\t\t\t<\/a>\n\t\t\t\t\t\t<\/div>\n\t\t\t\t\t\t<h3 class=\"post-title normal\">\r\n\t<a href=\"http:\/\/itchapters.com\/france\/2021\/04\/25\/il-est-temps-de-miser-sur-des-processus-modernes-de-gestion-des-services\/\">Il est temps de miser sur des processus modernes...<\/a>\r\n<\/h3>\t\t\t\t\t\t\t\t\t<div class=\"entry-content\">\r\n\t<p>Conseil TI, Formation &amp; Placement 5 octobre, 2020 | Gestion du changement Les processus ITSM modernes on \u00e9t\u00e9 le sujet principal webinaire qui a eu lieu le 26 mai...<\/p>\r\n<\/div>\t\t\t\t\t\t\t\t\t\n\t\t\t\t\t\t\t\t\t\t\t\t\t\t\t\t\t\t\t\t\t\t\t\t\t\n\t\t\t\t<\/div>\n\t\t\t<\/div>\t\t\n<\/div><\/div><div class=\"grid-item   gestion-du-changement  active  hl_left\">\n<div class=\"bss-wrapper\">\n\t\t\t<div class=\"post-content-image-bg\" style=\"background:url(http:\/\/itchapters.com\/france\/wp-content\/uploads\/sites\/5\/2022\/05\/Blog-Images-Pourquoi-la-re\u0301sistance-au-changement.png) #f7f7f7;\" >\n\t\t\t\t<div class=\"post-content-wrapper\">\t\t\t\t\t\n\t\t\t\t\t\t\t\t\t\t\t\t\t<div class=\"post-category-list style-2\">\t\r\n\t<span><a href=\"http:\/\/itchapters.com\/france\/category\/gestion-du-changement\/\" class=\"bss-cat-link\">Gestion du changement<\/a><\/span><\/div>\r\n\r\n\t\t\t\t\t\t\t\n\t\t\t\t\t\t<div class=\"bss-content\">\n\t\t\t\t\t\t\t\t<h3 class=\"post-title normal\">\r\n\t<a href=\"http:\/\/itchapters.com\/france\/2021\/04\/25\/pourquoi-la-resistance-au-changement\/\">Pourquoi la r\u00e9sistance au changement ?<\/a>\r\n<\/h3>\t\t\t\t\t\t\t\t\t<div class=\"entry-content\">\r\n\t<p>Conseil TI, Formation &amp; Placement 5 octobre, 2020 | Gestion du changement Le changement est in\u00e9vitable. Faire face au changement et, plus important encore, \u00e0 son impact, est une...<\/p>\r\n<\/div>\t\t\t\t\t\t\t\t\t\n\t\t\t\t\t\t\t\t\t\n\t\t\t\t\t\t\t\t<div class=\"bss-meta-content\"><a href=\"http:\/\/itchapters.com\/france\/2021\/04\/25\/pourquoi-la-resistance-au-changement\/\" class=\"bss-meta-content-link\">\n\t\t\t\t\t\t\t\t\t<\/a>\t\t\t\t\t\t\t\t\t\t\t\t\t\t\t\t\t\n\t\t\t\t\t\t\t\t<\/div>\t\t\t\t\t\t\n\t\t\t\t\t<\/div>\n\t\t\t\t<\/div>\n\t\t\t<\/div>\n\t\t\t<div class=\"post-content-remain-list\">\t\n\t\t\t\t<a href=\"http:\/\/itchapters.com\/france\/2021\/04\/25\/pourquoi-la-resistance-au-changement\/\" class=\"bss-remain-img\">\n\t\t\t\t\t\t<div class=\"blog-featured-image\">\n\t<span class=\"thumb-wrap\">\n\t\t<img src=\"http:\/\/itchapters.com\/france\/wp-content\/uploads\/sites\/5\/2022\/05\/Blog-Images-Pourquoi-la-re\u0301sistance-au-changement.png\" alt=\"Pourquoi la r\u00e9sistance au changement ?\">\t<\/span>\n\t<\/div>\t\t\t\t<\/a>\n\t\t\t\t<div class=\"bss-content\">\t\t\t\t\n\t\t\t\t\t\t<div class=\"bss-meta-content\"><a href=\"http:\/\/itchapters.com\/france\/2021\/04\/25\/pourquoi-la-resistance-au-changement\/\" class=\"bss-meta-content-link\">\n\t\t\t\t\t\t\t<\/a>\n\t\t\t\t\t\t<\/div>\n\t\t\t\t\t\t<h3 class=\"post-title normal\">\r\n\t<a href=\"http:\/\/itchapters.com\/france\/2021\/04\/25\/pourquoi-la-resistance-au-changement\/\">Pourquoi la r\u00e9sistance au changement ?<\/a>\r\n<\/h3>\t\t\t\t\t\t\t\t\t<div class=\"entry-content\">\r\n\t<p>Conseil TI, Formation &amp; Placement 5 octobre, 2020 | Gestion du changement Le changement est in\u00e9vitable. Faire face au changement et, plus important encore, \u00e0 son impact, est une...<\/p>\r\n<\/div>\t\t\t\t\t\t\t\t\t\n\t\t\t\t\t\t\t\t\t\t\t\t\t\t\t\t\t\t\t\t\t\t\t\t\t\n\t\t\t\t<\/div>\n\t\t\t<\/div>\t\t\n<\/div><\/div><div class=\"grid-item   uncategorized  active  hl_left\">\n<div class=\"bss-wrapper\">\n\t\t\t<div class=\"post-content-image-bg\" style=\"background:url(http:\/\/itchapters.com\/france\/wp-content\/uploads\/sites\/5\/2022\/05\/Blog-Images-Pourquoi-la-conduite-du-changement-est-elle-si-importante-pour-un-BRM.png) #f7f7f7;\" >\n\t\t\t\t<div class=\"post-content-wrapper\">\t\t\t\t\t\n\t\t\t\t\t\t\t\t\t\t\t\t\t<div class=\"post-category-list style-2\">\t\r\n\t<span><a href=\"http:\/\/itchapters.com\/france\/category\/uncategorized\/\" class=\"bss-cat-link\">Uncategorized<\/a><\/span><\/div>\r\n\r\n\t\t\t\t\t\t\t\n\t\t\t\t\t\t<div class=\"bss-content\">\n\t\t\t\t\t\t\t\t<h3 class=\"post-title normal\">\r\n\t<a href=\"http:\/\/itchapters.com\/france\/2021\/04\/25\/pourquoi-la-conduite-du-changement-est-elle-si-importante-pour-un-brm\/\">Pourquoi la conduite du changement est-elle si importante pour...<\/a>\r\n<\/h3>\t\t\t\t\t\t\t\t\t<div class=\"entry-content\">\r\n\t<p>Conseil TI, Formation &amp; Placement 19 novembre, 2020 | ITIL Dans une entreprise, pour changer un processus, des comportements ou des mentalit\u00e9s, la seule fa\u00e7on pour un BRM d&#8217;y...<\/p>\r\n<\/div>\t\t\t\t\t\t\t\t\t\n\t\t\t\t\t\t\t\t\t\n\t\t\t\t\t\t\t\t<div class=\"bss-meta-content\"><a href=\"http:\/\/itchapters.com\/france\/2021\/04\/25\/pourquoi-la-conduite-du-changement-est-elle-si-importante-pour-un-brm\/\" class=\"bss-meta-content-link\">\n\t\t\t\t\t\t\t\t\t<\/a>\t\t\t\t\t\t\t\t\t\t\t\t\t\t\t\t\t\n\t\t\t\t\t\t\t\t<\/div>\t\t\t\t\t\t\n\t\t\t\t\t<\/div>\n\t\t\t\t<\/div>\n\t\t\t<\/div>\n\t\t\t<div class=\"post-content-remain-list\">\t\n\t\t\t\t<a href=\"http:\/\/itchapters.com\/france\/2021\/04\/25\/pourquoi-la-conduite-du-changement-est-elle-si-importante-pour-un-brm\/\" class=\"bss-remain-img\">\n\t\t\t\t\t\t<div class=\"blog-featured-image\">\n\t<span class=\"thumb-wrap\">\n\t\t<img src=\"http:\/\/itchapters.com\/france\/wp-content\/uploads\/sites\/5\/2022\/05\/Blog-Images-Pourquoi-la-conduite-du-changement-est-elle-si-importante-pour-un-BRM.png\" alt=\"Pourquoi la conduite du changement est-elle si importante pour un BRM ?\">\t<\/span>\n\t<\/div>\t\t\t\t<\/a>\n\t\t\t\t<div class=\"bss-content\">\t\t\t\t\n\t\t\t\t\t\t<div class=\"bss-meta-content\"><a href=\"http:\/\/itchapters.com\/france\/2021\/04\/25\/pourquoi-la-conduite-du-changement-est-elle-si-importante-pour-un-brm\/\" class=\"bss-meta-content-link\">\n\t\t\t\t\t\t\t<\/a>\n\t\t\t\t\t\t<\/div>\n\t\t\t\t\t\t<h3 class=\"post-title normal\">\r\n\t<a href=\"http:\/\/itchapters.com\/france\/2021\/04\/25\/pourquoi-la-conduite-du-changement-est-elle-si-importante-pour-un-brm\/\">Pourquoi la conduite du changement est-elle si importante pour...<\/a>\r\n<\/h3>\t\t\t\t\t\t\t\t\t<div class=\"entry-content\">\r\n\t<p>Conseil TI, Formation &amp; Placement 19 novembre, 2020 | ITIL Dans une entreprise, pour changer un processus, des comportements ou des mentalit\u00e9s, la seule fa\u00e7on pour un BRM d&#8217;y...<\/p>\r\n<\/div>\t\t\t\t\t\t\t\t\t\n\t\t\t\t\t\t\t\t\t\t\t\t\t\t\t\t\t\t\t\t\t\t\t\t\t\n\t\t\t\t<\/div>\n\t\t\t<\/div>\t\t\n<\/div><\/div><\/div><\/div>\t\t<\/div>\n\t\t\t\t<\/div>\n\t\t\t\t\t<\/div>\n\t\t<\/div>\n\t\t\t\t\t\t\t<\/div>\n\t\t<\/section>\n\t\t\t\t\t\t\t<\/div>\n\t\t","protected":false},"excerpt":{"rendered":"<p>BLOGUE Abonnez-vous pour recevoir des informations et du contenu exclusifs CLIQUEZ ICI POUR VOUS ENREGISTRER Sujets : Tous10 Conduite du changement Cybers\u00e9curit\u00e9 Gestion des relations d\u2019affaires ITIL Cybers\u00e9curit\u00e9 Comprendre la technologie Blockchain 17 juin, 2021 | Cybers\u00e9curit\u00e9 Dans le contexte actuel de transformation num\u00e9rique, tout le monde a entendu parler du terme \u00ab&nbsp;Blockchain&nbsp;\u00bb au moins [&hellip;]<\/p>\n","protected":false},"author":9,"featured_media":0,"parent":0,"menu_order":0,"comment_status":"closed","ping_status":"closed","template":"","meta":[],"yoast_head":"<!-- This site is optimized with the Yoast SEO Premium plugin v17.4 (Yoast SEO v18.6) - https:\/\/yoast.com\/wordpress\/plugins\/seo\/ -->\n<title>BLOGUE - Itchapter - France<\/title>\n<meta name=\"robots\" content=\"noindex, follow, max-snippet:-1, max-image-preview:large, max-video-preview:-1\" \/>\n<meta property=\"og:locale\" content=\"en_US\" \/>\n<meta property=\"og:type\" content=\"article\" \/>\n<meta property=\"og:title\" content=\"BLOGUE\" \/>\n<meta property=\"og:description\" content=\"BLOGUE Abonnez-vous pour recevoir des informations et du contenu exclusifs CLIQUEZ ICI POUR VOUS ENREGISTRER Sujets : Tous10 Conduite du changement Cybers\u00e9curit\u00e9 Gestion des relations d\u2019affaires ITIL Cybers\u00e9curit\u00e9 Comprendre la technologie Blockchain 17 juin, 2021 | Cybers\u00e9curit\u00e9 Dans le contexte actuel de transformation num\u00e9rique, tout le monde a entendu parler du terme \u00ab&nbsp;Blockchain&nbsp;\u00bb au moins [&hellip;]\" \/>\n<meta property=\"og:url\" content=\"http:\/\/itchapters.com\/france\/blogue\/\" \/>\n<meta property=\"og:site_name\" content=\"Itchapter - France\" \/>\n<meta property=\"article:modified_time\" content=\"2022-04-24T21:19:55+00:00\" \/>\n<meta property=\"og:image\" content=\"http:\/\/itchapters.com\/fr\/wp-content\/uploads\/sites\/5\/2022\/04\/blog-images-comprendre-blockchain.png\" \/>\n<meta name=\"twitter:card\" content=\"summary_large_image\" \/>\n<meta name=\"twitter:label1\" content=\"Est. reading time\" \/>\n\t<meta name=\"twitter:data1\" content=\"4 minutes\" \/>\n<script type=\"application\/ld+json\" class=\"yoast-schema-graph\">{\"@context\":\"https:\/\/schema.org\",\"@graph\":[{\"@type\":\"WebSite\",\"@id\":\"http:\/\/itchapters.com\/france\/#website\",\"url\":\"http:\/\/itchapters.com\/france\/\",\"name\":\"Itchapter - France\",\"description\":\"Just another IT CHAPTER Sites site\",\"potentialAction\":[{\"@type\":\"SearchAction\",\"target\":{\"@type\":\"EntryPoint\",\"urlTemplate\":\"http:\/\/itchapters.com\/france\/?s={search_term_string}\"},\"query-input\":\"required name=search_term_string\"}],\"inLanguage\":\"en-US\"},{\"@type\":\"ImageObject\",\"@id\":\"http:\/\/itchapters.com\/france\/blogue\/#primaryimage\",\"inLanguage\":\"en-US\",\"url\":\"http:\/\/itchapters.com\/fr\/wp-content\/uploads\/sites\/5\/2022\/04\/blog-images-comprendre-blockchain.png\",\"contentUrl\":\"http:\/\/itchapters.com\/fr\/wp-content\/uploads\/sites\/5\/2022\/04\/blog-images-comprendre-blockchain.png\"},{\"@type\":\"WebPage\",\"@id\":\"http:\/\/itchapters.com\/france\/blogue\/#webpage\",\"url\":\"http:\/\/itchapters.com\/france\/blogue\/\",\"name\":\"BLOGUE - Itchapter - France\",\"isPartOf\":{\"@id\":\"http:\/\/itchapters.com\/france\/#website\"},\"primaryImageOfPage\":{\"@id\":\"http:\/\/itchapters.com\/france\/blogue\/#primaryimage\"},\"datePublished\":\"2022-04-24T16:03:47+00:00\",\"dateModified\":\"2022-04-24T21:19:55+00:00\",\"breadcrumb\":{\"@id\":\"http:\/\/itchapters.com\/france\/blogue\/#breadcrumb\"},\"inLanguage\":\"en-US\",\"potentialAction\":[{\"@type\":\"ReadAction\",\"target\":[\"http:\/\/itchapters.com\/france\/blogue\/\"]}]},{\"@type\":\"BreadcrumbList\",\"@id\":\"http:\/\/itchapters.com\/france\/blogue\/#breadcrumb\",\"itemListElement\":[{\"@type\":\"ListItem\",\"position\":1,\"name\":\"Home\",\"item\":\"http:\/\/itchapters.com\/france\/\"},{\"@type\":\"ListItem\",\"position\":2,\"name\":\"BLOGUE\"}]}]}<\/script>\n<!-- \/ Yoast SEO Premium plugin. -->","yoast_head_json":{"title":"BLOGUE - Itchapter - France","robots":{"index":"noindex","follow":"follow","max-snippet":"max-snippet:-1","max-image-preview":"max-image-preview:large","max-video-preview":"max-video-preview:-1"},"og_locale":"en_US","og_type":"article","og_title":"BLOGUE","og_description":"BLOGUE Abonnez-vous pour recevoir des informations et du contenu exclusifs CLIQUEZ ICI POUR VOUS ENREGISTRER Sujets : Tous10 Conduite du changement Cybers\u00e9curit\u00e9 Gestion des relations d\u2019affaires ITIL Cybers\u00e9curit\u00e9 Comprendre la technologie Blockchain 17 juin, 2021 | Cybers\u00e9curit\u00e9 Dans le contexte actuel de transformation num\u00e9rique, tout le monde a entendu parler du terme \u00ab&nbsp;Blockchain&nbsp;\u00bb au moins [&hellip;]","og_url":"http:\/\/itchapters.com\/france\/blogue\/","og_site_name":"Itchapter - France","article_modified_time":"2022-04-24T21:19:55+00:00","og_image":[{"url":"http:\/\/itchapters.com\/fr\/wp-content\/uploads\/sites\/5\/2022\/04\/blog-images-comprendre-blockchain.png"}],"twitter_card":"summary_large_image","twitter_misc":{"Est. reading time":"4 minutes"},"schema":{"@context":"https:\/\/schema.org","@graph":[{"@type":"WebSite","@id":"http:\/\/itchapters.com\/france\/#website","url":"http:\/\/itchapters.com\/france\/","name":"Itchapter - France","description":"Just another IT CHAPTER Sites site","potentialAction":[{"@type":"SearchAction","target":{"@type":"EntryPoint","urlTemplate":"http:\/\/itchapters.com\/france\/?s={search_term_string}"},"query-input":"required name=search_term_string"}],"inLanguage":"en-US"},{"@type":"ImageObject","@id":"http:\/\/itchapters.com\/france\/blogue\/#primaryimage","inLanguage":"en-US","url":"http:\/\/itchapters.com\/fr\/wp-content\/uploads\/sites\/5\/2022\/04\/blog-images-comprendre-blockchain.png","contentUrl":"http:\/\/itchapters.com\/fr\/wp-content\/uploads\/sites\/5\/2022\/04\/blog-images-comprendre-blockchain.png"},{"@type":"WebPage","@id":"http:\/\/itchapters.com\/france\/blogue\/#webpage","url":"http:\/\/itchapters.com\/france\/blogue\/","name":"BLOGUE - Itchapter - France","isPartOf":{"@id":"http:\/\/itchapters.com\/france\/#website"},"primaryImageOfPage":{"@id":"http:\/\/itchapters.com\/france\/blogue\/#primaryimage"},"datePublished":"2022-04-24T16:03:47+00:00","dateModified":"2022-04-24T21:19:55+00:00","breadcrumb":{"@id":"http:\/\/itchapters.com\/france\/blogue\/#breadcrumb"},"inLanguage":"en-US","potentialAction":[{"@type":"ReadAction","target":["http:\/\/itchapters.com\/france\/blogue\/"]}]},{"@type":"BreadcrumbList","@id":"http:\/\/itchapters.com\/france\/blogue\/#breadcrumb","itemListElement":[{"@type":"ListItem","position":1,"name":"Home","item":"http:\/\/itchapters.com\/france\/"},{"@type":"ListItem","position":2,"name":"BLOGUE"}]}]}},"_links":{"self":[{"href":"http:\/\/itchapters.com\/france\/wp-json\/wp\/v2\/pages\/306"}],"collection":[{"href":"http:\/\/itchapters.com\/france\/wp-json\/wp\/v2\/pages"}],"about":[{"href":"http:\/\/itchapters.com\/france\/wp-json\/wp\/v2\/types\/page"}],"author":[{"embeddable":true,"href":"http:\/\/itchapters.com\/france\/wp-json\/wp\/v2\/users\/9"}],"replies":[{"embeddable":true,"href":"http:\/\/itchapters.com\/france\/wp-json\/wp\/v2\/comments?post=306"}],"version-history":[{"count":30,"href":"http:\/\/itchapters.com\/france\/wp-json\/wp\/v2\/pages\/306\/revisions"}],"predecessor-version":[{"id":4990,"href":"http:\/\/itchapters.com\/france\/wp-json\/wp\/v2\/pages\/306\/revisions\/4990"}],"wp:attachment":[{"href":"http:\/\/itchapters.com\/france\/wp-json\/wp\/v2\/media?parent=306"}],"curies":[{"name":"wp","href":"https:\/\/api.w.org\/{rel}","templated":true}]}}