{"id":203,"date":"2022-04-24T16:02:03","date_gmt":"2022-04-24T16:02:03","guid":{"rendered":"http:\/\/itchapters.com\/fr\/financement\/"},"modified":"2022-04-24T21:28:06","modified_gmt":"2022-04-24T21:28:06","slug":"financement","status":"publish","type":"page","link":"http:\/\/itchapters.com\/france\/financement\/","title":{"rendered":"Financement"},"content":{"rendered":"\t\t<div data-elementor-type=\"wp-page\" data-elementor-id=\"203\" class=\"elementor elementor-203\">\n\t\t\t\t\t\t\t\t\t<section class=\"elementor-section elementor-top-section elementor-element elementor-element-5a75d97 elementor-section-boxed elementor-section-height-default elementor-section-height-default\" data-id=\"5a75d97\" data-element_type=\"section\">\n\t\t\t\t\t\t\t<div class=\"elementor-background-overlay\"><\/div>\n\t\t\t\t\t\t\t<div class=\"elementor-container elementor-column-gap-default\">\n\t\t\t\t\t<div class=\"elementor-column elementor-col-100 elementor-top-column elementor-element elementor-element-2ecda0fb\" data-id=\"2ecda0fb\" data-element_type=\"column\">\n\t\t\t<div class=\"elementor-widget-wrap elementor-element-populated\">\n\t\t\t\t\t\t\t\t<div class=\"elementor-element elementor-element-68a03770 elementor-widget elementor-widget-heading\" data-id=\"68a03770\" data-element_type=\"widget\" data-widget_type=\"heading.default\">\n\t\t\t\t<div class=\"elementor-widget-container\">\n\t\t\t<style>\/*! elementor - v3.6.5 - 27-04-2022 *\/\n.elementor-heading-title{padding:0;margin:0;line-height:1}.elementor-widget-heading .elementor-heading-title[class*=elementor-size-]>a{color:inherit;font-size:inherit;line-height:inherit}.elementor-widget-heading .elementor-heading-title.elementor-size-small{font-size:15px}.elementor-widget-heading .elementor-heading-title.elementor-size-medium{font-size:19px}.elementor-widget-heading .elementor-heading-title.elementor-size-large{font-size:29px}.elementor-widget-heading .elementor-heading-title.elementor-size-xl{font-size:39px}.elementor-widget-heading .elementor-heading-title.elementor-size-xxl{font-size:59px}<\/style><h1 class=\"elementor-heading-title elementor-size-default\">D\u00e9couvrez vos options de financement<\/h1>\t\t<\/div>\n\t\t\t\t<\/div>\n\t\t\t\t<div class=\"elementor-element elementor-element-dd869dd elementor-widget elementor-widget-text-editor\" data-id=\"dd869dd\" data-element_type=\"widget\" data-widget_type=\"text-editor.default\">\n\t\t\t\t<div class=\"elementor-widget-container\">\n\t\t\t<style>\/*! elementor - v3.6.5 - 27-04-2022 *\/\n.elementor-widget-text-editor.elementor-drop-cap-view-stacked .elementor-drop-cap{background-color:#818a91;color:#fff}.elementor-widget-text-editor.elementor-drop-cap-view-framed .elementor-drop-cap{color:#818a91;border:3px solid;background-color:transparent}.elementor-widget-text-editor:not(.elementor-drop-cap-view-default) .elementor-drop-cap{margin-top:8px}.elementor-widget-text-editor:not(.elementor-drop-cap-view-default) .elementor-drop-cap-letter{width:1em;height:1em}.elementor-widget-text-editor .elementor-drop-cap{float:left;text-align:center;line-height:1;font-size:50px}.elementor-widget-text-editor .elementor-drop-cap-letter{display:inline-block}<\/style>\t\t\t\t<div data-testid=\"richTextElement\"><div data-testid=\"richTextElement\"><div data-testid=\"richTextElement\"><div data-testid=\"richTextElement\"><p><strong style=\"color: inherit; font-family: inherit; font-size: 1.75rem;\">\u00a0Vous pouvez b\u00e9n\u00e9ficier, sous certaines conditions, de diff\u00e9rents types d&#8217;aides financi\u00e8res pour vos formations professionnelles. Nous sommes l\u00e0 pour vous aidez, n&#8217;h\u00e9sitez pas \u00e0 nous contacter !<\/strong><\/p><\/div><\/div><\/div><\/div>\t\t\t\t\t\t<\/div>\n\t\t\t\t<\/div>\n\t\t\t\t<div class=\"elementor-element elementor-element-66bad9e0 elementor-align-center elementor-widget elementor-widget-button\" data-id=\"66bad9e0\" data-element_type=\"widget\" data-widget_type=\"button.default\">\n\t\t\t\t<div class=\"elementor-widget-container\">\n\t\t\t\t\t<div class=\"elementor-button-wrapper\">\n\t\t\t<a href=\"#contact\" target=\"_blank\" class=\"elementor-button-link elementor-button elementor-size-md\" role=\"button\">\n\t\t\t\t\t\t<span class=\"elementor-button-content-wrapper\">\n\t\t\t\t\t\t<span class=\"elementor-button-text\">DISCUTER DES OPTIONS DE FINANCEMENT<\/span>\n\t\t<\/span>\n\t\t\t\t\t<\/a>\n\t\t<\/div>\n\t\t\t\t<\/div>\n\t\t\t\t<\/div>\n\t\t\t\t\t<\/div>\n\t\t<\/div>\n\t\t\t\t\t\t\t<\/div>\n\t\t<\/section>\n\t\t\t\t<section class=\"elementor-section elementor-top-section elementor-element elementor-element-11418782 elementor-section-boxed elementor-section-height-default elementor-section-height-default\" data-id=\"11418782\" data-element_type=\"section\" data-settings=\"{&quot;background_background&quot;:&quot;classic&quot;}\">\n\t\t\t\t\t\t<div class=\"elementor-container elementor-column-gap-default\">\n\t\t\t\t\t<div class=\"elementor-column elementor-col-100 elementor-top-column elementor-element elementor-element-529f9b90\" data-id=\"529f9b90\" data-element_type=\"column\">\n\t\t\t<div class=\"elementor-widget-wrap elementor-element-populated\">\n\t\t\t\t\t\t\t\t<div class=\"elementor-element elementor-element-7643ccd2 elementor-widget elementor-widget-heading\" data-id=\"7643ccd2\" data-element_type=\"widget\" data-widget_type=\"heading.default\">\n\t\t\t\t<div class=\"elementor-widget-container\">\n\t\t\t<h2 class=\"elementor-heading-title elementor-size-default\">COMPTE PERSONNEL DE FORMATION<\/h2>\t\t<\/div>\n\t\t\t\t<\/div>\n\t\t\t\t<div class=\"elementor-element elementor-element-26944e6a elementor-widget elementor-widget-text-editor\" data-id=\"26944e6a\" data-element_type=\"widget\" data-widget_type=\"text-editor.default\">\n\t\t\t\t<div class=\"elementor-widget-container\">\n\t\t\t\t\t\t\t<div data-testid=\"richTextElement\"><div data-testid=\"richTextElement\"><div data-testid=\"richTextElement\"><div data-testid=\"richTextElement\"><p>En tant que salari\u00e9 ou demandeur d\u2019emploi, vous b\u00e9n\u00e9ficiez d&#8217;un compte personnel de formation (CPF). Vos heures utilisables pour la formation sont comptabilis\u00e9es \u00e0 travers de celui-ci tout au long de votre carri\u00e8re. Le CPF cumule\u00a0 automatiquement les montants d&#8217;heures \u00e0 chaque ann\u00e9e et vous pouvez ensuite les utiliser.\u00a0<\/p><\/div><\/div><\/div><\/div>\t\t\t\t\t\t<\/div>\n\t\t\t\t<\/div>\n\t\t\t\t<div class=\"elementor-element elementor-element-29ea0cf0 elementor-align-center elementor-widget elementor-widget-button\" data-id=\"29ea0cf0\" data-element_type=\"widget\" data-widget_type=\"button.default\">\n\t\t\t\t<div class=\"elementor-widget-container\">\n\t\t\t\t\t<div class=\"elementor-button-wrapper\">\n\t\t\t<a href=\"https:\/\/www.moncompteformation.gouv.fr\/\" target=\"_blank\" class=\"elementor-button-link elementor-button elementor-size-md\" role=\"button\">\n\t\t\t\t\t\t<span class=\"elementor-button-content-wrapper\">\n\t\t\t\t\t\t<span class=\"elementor-button-text\">ACC\u00c9DER \u00c0 MON PORTAIL<\/span>\n\t\t<\/span>\n\t\t\t\t\t<\/a>\n\t\t<\/div>\n\t\t\t\t<\/div>\n\t\t\t\t<\/div>\n\t\t\t\t\t<\/div>\n\t\t<\/div>\n\t\t\t\t\t\t\t<\/div>\n\t\t<\/section>\n\t\t\t\t<section class=\"elementor-section elementor-top-section elementor-element elementor-element-2eacdb47 elementor-section-boxed elementor-section-height-default elementor-section-height-default\" data-id=\"2eacdb47\" data-element_type=\"section\" data-settings=\"{&quot;background_background&quot;:&quot;classic&quot;}\">\n\t\t\t\t\t\t<div class=\"elementor-container elementor-column-gap-default\">\n\t\t\t\t\t<div class=\"elementor-column elementor-col-100 elementor-top-column elementor-element elementor-element-16c41354\" data-id=\"16c41354\" data-element_type=\"column\">\n\t\t\t<div class=\"elementor-widget-wrap elementor-element-populated\">\n\t\t\t\t\t\t\t\t<section class=\"elementor-section elementor-inner-section elementor-element elementor-element-c44f876 elementor-section-boxed elementor-section-height-default elementor-section-height-default\" data-id=\"c44f876\" data-element_type=\"section\">\n\t\t\t\t\t\t<div class=\"elementor-container elementor-column-gap-default\">\n\t\t\t\t\t<div class=\"elementor-column elementor-col-50 elementor-inner-column elementor-element elementor-element-d768511\" data-id=\"d768511\" data-element_type=\"column\">\n\t\t\t<div class=\"elementor-widget-wrap elementor-element-populated\">\n\t\t\t\t\t\t\t\t<div class=\"elementor-element elementor-element-3e7dd0f2 elementor-widget elementor-widget-text-editor\" data-id=\"3e7dd0f2\" data-element_type=\"widget\" data-widget_type=\"text-editor.default\">\n\t\t\t\t<div class=\"elementor-widget-container\">\n\t\t\t\t\t\t\t<div data-testid=\"richTextElement\"><div data-testid=\"richTextElement\"><div data-testid=\"richTextElement\"><div data-testid=\"richTextElement\"><p>Besoin d&#8217;autres renseignements sur le CPF, comme les formations \u00e9ligibles, l&#8217;utilisation des vos heures, les d\u00e9marches \u00e0 suire, etc. ?\u00a0<\/p><\/div><\/div><\/div><\/div>\t\t\t\t\t\t<\/div>\n\t\t\t\t<\/div>\n\t\t\t\t\t<\/div>\n\t\t<\/div>\n\t\t\t\t<div class=\"elementor-column elementor-col-50 elementor-inner-column elementor-element elementor-element-1c7fcc66\" data-id=\"1c7fcc66\" data-element_type=\"column\">\n\t\t\t<div class=\"elementor-widget-wrap elementor-element-populated\">\n\t\t\t\t\t\t\t\t<div class=\"elementor-element elementor-element-3c9a2eb elementor-align-center elementor-widget elementor-widget-button\" data-id=\"3c9a2eb\" data-element_type=\"widget\" data-widget_type=\"button.default\">\n\t\t\t\t<div class=\"elementor-widget-container\">\n\t\t\t\t\t<div class=\"elementor-button-wrapper\">\n\t\t\t<a href=\"https:\/\/www.moncompteformation.gouv.fr\/espace-prive\/html\/#\/\" target=\"_blank\" class=\"elementor-button-link elementor-button elementor-size-md\" role=\"button\">\n\t\t\t\t\t\t<span class=\"elementor-button-content-wrapper\">\n\t\t\t\t\t\t<span class=\"elementor-button-text\">INFORMATION SUR LE CPF<\/span>\n\t\t<\/span>\n\t\t\t\t\t<\/a>\n\t\t<\/div>\n\t\t\t\t<\/div>\n\t\t\t\t<\/div>\n\t\t\t\t\t<\/div>\n\t\t<\/div>\n\t\t\t\t\t\t\t<\/div>\n\t\t<\/section>\n\t\t\t\t\t<\/div>\n\t\t<\/div>\n\t\t\t\t\t\t\t<\/div>\n\t\t<\/section>\n\t\t\t\t<section class=\"elementor-section elementor-top-section elementor-element elementor-element-6c12aa5b elementor-section-boxed elementor-section-height-default elementor-section-height-default\" data-id=\"6c12aa5b\" data-element_type=\"section\" data-settings=\"{&quot;background_background&quot;:&quot;classic&quot;}\">\n\t\t\t\t\t\t<div class=\"elementor-container elementor-column-gap-default\">\n\t\t\t\t\t<div class=\"elementor-column elementor-col-100 elementor-top-column elementor-element elementor-element-16f386a2\" data-id=\"16f386a2\" data-element_type=\"column\">\n\t\t\t<div class=\"elementor-widget-wrap elementor-element-populated\">\n\t\t\t\t\t\t\t\t<div class=\"elementor-element elementor-element-634f9f53 elementor-widget elementor-widget-heading\" data-id=\"634f9f53\" data-element_type=\"widget\" data-widget_type=\"heading.default\">\n\t\t\t\t<div class=\"elementor-widget-container\">\n\t\t\t<h2 class=\"elementor-heading-title elementor-size-default\">FORMATIONS CORPORATIVES ET PUBLIQUES<\/h2>\t\t<\/div>\n\t\t\t\t<\/div>\n\t\t\t\t<div class=\"elementor-element elementor-element-296481bd elementor-widget elementor-widget-text-editor\" data-id=\"296481bd\" data-element_type=\"widget\" data-widget_type=\"text-editor.default\">\n\t\t\t\t<div class=\"elementor-widget-container\">\n\t\t\t\t\t\t\t<div id=\"comp-k9ad21y3\" class=\"_1Z_nJ\" data-testid=\"richTextElement\"><div id=\"comp-k9ad9eml\" class=\"_1Z_nJ\" data-testid=\"richTextElement\"><div id=\"comp-k9adex9i\" class=\"_1Z_nJ\" data-testid=\"richTextElement\"><p class=\"font_7\">IT Chapter est un expert de premier plan en mati\u00e8re de formation informatique en entreprise. Nos experts poss\u00e8dent plusieurs certifications en ITIL\u00ae, Gestion des relations d&#8217;affaires, COBIT\u00ae,\u00a0Gestion de projet, Gestion des services, Gestion du changement organisationnel, etc. Vous pouvez compter sur nous pour un \u00a0support sans \u00e9gal et pour partager notre savoir-faire.<\/p><p class=\"font_7\">Notre \u00e9quipe cr\u00e9e\u00a0des programmes de formations corporatifs\u00a0sur mesure, qui r\u00e9pondent aux besoins d\u2019affaires de votre organisation. Nous offrons des ateliers, des cours et des simulations \u00e0 partir des d\u00e9fis auxquels vous \u00eates confront\u00e9s.<span class=\"wixGuard\">\u200b<\/span><\/p><p class=\"font_7\">IT Chapter propose \u00e9galement des formations informatiques\u00a0au public. Le d\u00e9veloppement professionnel vous permet de travailler efficacement avec vos partenaires d\u2019affaires et vos fournisseurs informatiques, tout en am\u00e9liorant l&#8217;efficacit\u00e9 des efforts de chacun.<\/p><\/div><\/div><\/div>\t\t\t\t\t\t<\/div>\n\t\t\t\t<\/div>\n\t\t\t\t<div class=\"elementor-element elementor-element-c98bb5e elementor-align-center elementor-widget elementor-widget-button\" data-id=\"c98bb5e\" data-element_type=\"widget\" data-widget_type=\"button.default\">\n\t\t\t\t<div class=\"elementor-widget-container\">\n\t\t\t\t\t<div class=\"elementor-button-wrapper\">\n\t\t\t<a href=\"#contact\" target=\"_blank\" class=\"elementor-button-link elementor-button elementor-size-md\" role=\"button\">\n\t\t\t\t\t\t<span class=\"elementor-button-content-wrapper\">\n\t\t\t\t\t\t<span class=\"elementor-button-text\">PLANIFIER UNE FORMATION<\/span>\n\t\t<\/span>\n\t\t\t\t\t<\/a>\n\t\t<\/div>\n\t\t\t\t<\/div>\n\t\t\t\t<\/div>\n\t\t\t\t\t<\/div>\n\t\t<\/div>\n\t\t\t\t\t\t\t<\/div>\n\t\t<\/section>\n\t\t\t\t\t\t\t<\/div>\n\t\t","protected":false},"excerpt":{"rendered":"<p>D\u00e9couvrez vos options de financement \u00a0Vous pouvez b\u00e9n\u00e9ficier, sous certaines conditions, de diff\u00e9rents types d&#8217;aides financi\u00e8res pour vos formations professionnelles. Nous sommes l\u00e0 pour vous aidez, n&#8217;h\u00e9sitez pas \u00e0 nous contacter ! DISCUTER DES OPTIONS DE FINANCEMENT COMPTE PERSONNEL DE FORMATION En tant que salari\u00e9 ou demandeur d\u2019emploi, vous b\u00e9n\u00e9ficiez d&#8217;un compte personnel de formation [&hellip;]<\/p>\n","protected":false},"author":9,"featured_media":0,"parent":0,"menu_order":0,"comment_status":"closed","ping_status":"closed","template":"","meta":[],"yoast_head":"<!-- This site is optimized with the Yoast SEO Premium plugin v17.4 (Yoast SEO v18.6) - https:\/\/yoast.com\/wordpress\/plugins\/seo\/ -->\n<title>Financement - Itchapter - France<\/title>\n<meta name=\"robots\" content=\"noindex, follow, max-snippet:-1, max-image-preview:large, max-video-preview:-1\" \/>\n<meta property=\"og:locale\" content=\"en_US\" \/>\n<meta property=\"og:type\" content=\"article\" \/>\n<meta property=\"og:title\" content=\"Financement\" \/>\n<meta property=\"og:description\" content=\"D\u00e9couvrez vos options de financement \u00a0Vous pouvez b\u00e9n\u00e9ficier, sous certaines conditions, de diff\u00e9rents types d&#8217;aides financi\u00e8res pour vos formations professionnelles. Nous sommes l\u00e0 pour vous aidez, n&#8217;h\u00e9sitez pas \u00e0 nous contacter ! DISCUTER DES OPTIONS DE FINANCEMENT COMPTE PERSONNEL DE FORMATION En tant que salari\u00e9 ou demandeur d\u2019emploi, vous b\u00e9n\u00e9ficiez d&#8217;un compte personnel de formation [&hellip;]\" \/>\n<meta property=\"og:url\" content=\"http:\/\/itchapters.com\/france\/financement\/\" \/>\n<meta property=\"og:site_name\" content=\"Itchapter - France\" \/>\n<meta property=\"article:modified_time\" content=\"2022-04-24T21:28:06+00:00\" \/>\n<meta name=\"twitter:card\" content=\"summary_large_image\" \/>\n<meta name=\"twitter:label1\" content=\"Est. reading time\" \/>\n\t<meta name=\"twitter:data1\" content=\"1 minute\" \/>\n<script type=\"application\/ld+json\" class=\"yoast-schema-graph\">{\"@context\":\"https:\/\/schema.org\",\"@graph\":[{\"@type\":\"WebSite\",\"@id\":\"http:\/\/itchapters.com\/france\/#website\",\"url\":\"http:\/\/itchapters.com\/france\/\",\"name\":\"Itchapter - France\",\"description\":\"Just another IT CHAPTER Sites site\",\"potentialAction\":[{\"@type\":\"SearchAction\",\"target\":{\"@type\":\"EntryPoint\",\"urlTemplate\":\"http:\/\/itchapters.com\/france\/?s={search_term_string}\"},\"query-input\":\"required name=search_term_string\"}],\"inLanguage\":\"en-US\"},{\"@type\":\"WebPage\",\"@id\":\"http:\/\/itchapters.com\/france\/financement\/#webpage\",\"url\":\"http:\/\/itchapters.com\/france\/financement\/\",\"name\":\"Financement - Itchapter - France\",\"isPartOf\":{\"@id\":\"http:\/\/itchapters.com\/france\/#website\"},\"datePublished\":\"2022-04-24T16:02:03+00:00\",\"dateModified\":\"2022-04-24T21:28:06+00:00\",\"breadcrumb\":{\"@id\":\"http:\/\/itchapters.com\/france\/financement\/#breadcrumb\"},\"inLanguage\":\"en-US\",\"potentialAction\":[{\"@type\":\"ReadAction\",\"target\":[\"http:\/\/itchapters.com\/france\/financement\/\"]}]},{\"@type\":\"BreadcrumbList\",\"@id\":\"http:\/\/itchapters.com\/france\/financement\/#breadcrumb\",\"itemListElement\":[{\"@type\":\"ListItem\",\"position\":1,\"name\":\"Home\",\"item\":\"http:\/\/itchapters.com\/france\/\"},{\"@type\":\"ListItem\",\"position\":2,\"name\":\"Financement\"}]}]}<\/script>\n<!-- \/ Yoast SEO Premium plugin. -->","yoast_head_json":{"title":"Financement - Itchapter - France","robots":{"index":"noindex","follow":"follow","max-snippet":"max-snippet:-1","max-image-preview":"max-image-preview:large","max-video-preview":"max-video-preview:-1"},"og_locale":"en_US","og_type":"article","og_title":"Financement","og_description":"D\u00e9couvrez vos options de financement \u00a0Vous pouvez b\u00e9n\u00e9ficier, sous certaines conditions, de diff\u00e9rents types d&#8217;aides financi\u00e8res pour vos formations professionnelles. Nous sommes l\u00e0 pour vous aidez, n&#8217;h\u00e9sitez pas \u00e0 nous contacter ! DISCUTER DES OPTIONS DE FINANCEMENT COMPTE PERSONNEL DE FORMATION En tant que salari\u00e9 ou demandeur d\u2019emploi, vous b\u00e9n\u00e9ficiez d&#8217;un compte personnel de formation [&hellip;]","og_url":"http:\/\/itchapters.com\/france\/financement\/","og_site_name":"Itchapter - France","article_modified_time":"2022-04-24T21:28:06+00:00","twitter_card":"summary_large_image","twitter_misc":{"Est. reading time":"1 minute"},"schema":{"@context":"https:\/\/schema.org","@graph":[{"@type":"WebSite","@id":"http:\/\/itchapters.com\/france\/#website","url":"http:\/\/itchapters.com\/france\/","name":"Itchapter - France","description":"Just another IT CHAPTER Sites site","potentialAction":[{"@type":"SearchAction","target":{"@type":"EntryPoint","urlTemplate":"http:\/\/itchapters.com\/france\/?s={search_term_string}"},"query-input":"required name=search_term_string"}],"inLanguage":"en-US"},{"@type":"WebPage","@id":"http:\/\/itchapters.com\/france\/financement\/#webpage","url":"http:\/\/itchapters.com\/france\/financement\/","name":"Financement - Itchapter - France","isPartOf":{"@id":"http:\/\/itchapters.com\/france\/#website"},"datePublished":"2022-04-24T16:02:03+00:00","dateModified":"2022-04-24T21:28:06+00:00","breadcrumb":{"@id":"http:\/\/itchapters.com\/france\/financement\/#breadcrumb"},"inLanguage":"en-US","potentialAction":[{"@type":"ReadAction","target":["http:\/\/itchapters.com\/france\/financement\/"]}]},{"@type":"BreadcrumbList","@id":"http:\/\/itchapters.com\/france\/financement\/#breadcrumb","itemListElement":[{"@type":"ListItem","position":1,"name":"Home","item":"http:\/\/itchapters.com\/france\/"},{"@type":"ListItem","position":2,"name":"Financement"}]}]}},"_links":{"self":[{"href":"http:\/\/itchapters.com\/france\/wp-json\/wp\/v2\/pages\/203"}],"collection":[{"href":"http:\/\/itchapters.com\/france\/wp-json\/wp\/v2\/pages"}],"about":[{"href":"http:\/\/itchapters.com\/france\/wp-json\/wp\/v2\/types\/page"}],"author":[{"embeddable":true,"href":"http:\/\/itchapters.com\/france\/wp-json\/wp\/v2\/users\/9"}],"replies":[{"embeddable":true,"href":"http:\/\/itchapters.com\/france\/wp-json\/wp\/v2\/comments?post=203"}],"version-history":[{"count":6,"href":"http:\/\/itchapters.com\/france\/wp-json\/wp\/v2\/pages\/203\/revisions"}],"predecessor-version":[{"id":5008,"href":"http:\/\/itchapters.com\/france\/wp-json\/wp\/v2\/pages\/203\/revisions\/5008"}],"wp:attachment":[{"href":"http:\/\/itchapters.com\/france\/wp-json\/wp\/v2\/media?parent=203"}],"curies":[{"name":"wp","href":"https:\/\/api.w.org\/{rel}","templated":true}]}}